{"id":1736,"date":"2020-10-01T17:40:56","date_gmt":"2020-10-01T16:40:56","guid":{"rendered":"http:\/\/foto-spuren.de\/?page_id=1736"},"modified":"2025-08-21T20:13:54","modified_gmt":"2025-08-21T19:13:54","slug":"das-dorf-volax-auf-tinos","status":"publish","type":"page","link":"https:\/\/foto-spuren.de\/?page_id=1736","title":{"rendered":"Das Dorf Volax auf Tinos"},"content":{"rendered":"<p style=\"text-align: justify;\">Ich verbringe mehrere Monate im Jahr auf der Kykladen-Insel Syros. Im Fr\u00fchjahr reizt es mich Ausfl\u00fcge zu den Nachbarinseln zu unternehmen. Mit der &#8222;Blue Star&#8220; braucht man nur knapp 40 Minuten r\u00fcber zur Nachbarinsel Tinos. Und diesmal m\u00f6chte ich mir das Dorf Volax ansehen.<\/p>\n<p style=\"text-align: justify;\">Es gibt ungef\u00e4hr 50 D\u00f6rfer auf Tinos, sch\u00f6n verteilt \u00fcber die h\u00fcgelige Landschaft der Insel. Viele davon haben eine interessante mittelalterliche Architektur. In manchen verfallen die H\u00e4user, h\u00e4ufig jedoch wurde liebevoll renoviert. Es sind beliebte Ziele f\u00fcr einen Tagesausflug. Oft findet man kleine Tavernen, mit traditioneller Speisekarte. Andere jedoch mit einem riesigen Platzangebot, in denen im Juli und August ausgelassen gefeiert wird. Dann pulsiert die griechische Lebensfreude. Und es scheint, als g\u00e4be es keinen sch\u00f6neren Ort zum Leben. Aber danach sind die D\u00f6rfer meist leer! Touristen, vor allem ausl\u00e4ndische, sind nicht so zahlreich auf Tinos und bevorzugen nur die Sommermonate. Die einheimischen Bewohner gehen ihrer Feldarbeit nach und leben zur\u00fcckgezogen. Und die Besitzer der Sommerresidenzen kommen ohnehin nur wenige Wochen im Jahr. Im Dorf Tripotamos, ein beliebtes Ausflugsziel im Sommer, erkl\u00e4rte mir der Bauer Panajotis, dass dort noch 75 Einheimische leben. Ich hatte mindesten dreimal so viel gesch\u00e4tzt.<\/p>\n<div id=\"attachment_2630\" style=\"width: 2570px\" class=\"wp-caption alignleft\"><a href=\"https:\/\/home-katerphoto.de\/wp-content\/uploads\/2025\/08\/F17_5221_cr-scaled.jpg\"><img loading=\"lazy\" decoding=\"async\" aria-describedby=\"caption-attachment-2630\" class=\"size-full wp-image-2630\" src=\"https:\/\/home-katerphoto.de\/wp-content\/uploads\/2025\/08\/F17_5221_cr-scaled.jpg\" alt=\"\" width=\"2560\" height=\"1440\" srcset=\"https:\/\/home-katerphoto.de\/wp-content\/uploads\/2025\/08\/F17_5221_cr-scaled.jpg 2560w, https:\/\/home-katerphoto.de\/wp-content\/uploads\/2025\/08\/F17_5221_cr-480x270.jpg 480w, https:\/\/home-katerphoto.de\/wp-content\/uploads\/2025\/08\/F17_5221_cr-1024x576.jpg 1024w, https:\/\/home-katerphoto.de\/wp-content\/uploads\/2025\/08\/F17_5221_cr-160x90.jpg 160w, https:\/\/home-katerphoto.de\/wp-content\/uploads\/2025\/08\/F17_5221_cr-1536x864.jpg 1536w, https:\/\/home-katerphoto.de\/wp-content\/uploads\/2025\/08\/F17_5221_cr-2048x1152.jpg 2048w\" sizes=\"auto, (max-width: 2560px) 100vw, 2560px\" \/><\/a><p id=\"caption-attachment-2630\" class=\"wp-caption-text\">All rights: Lothar Hoppen<\/p><\/div>\n<p style=\"text-align: justify;\">Einige D\u00f6rfer verstehen es jedoch mit einem kulturellen Angebot an Kunst, Musik und Theater die lebendige Zeit im Jahr zu strecken. Oft sind es private Initiativen, die sich darum k\u00fcmmern. So ein Dorf ist Volax. Es liegt etwa 17 km n\u00f6rdlich vom Hauptort Tinos entfernt, in einer Gegend, die weltweit einzigartig ist. Aber davon sp\u00e4ter.<\/p>\n<p style=\"text-align: justify;\">Beim Schlendern durch die Gassen f\u00e4llt mir auf, dass hier und da W\u00e4nde und T\u00fcren alter H\u00e4user mit Texten bemalt sind. Es sind Gedichte bekannter griechischer Lyriker. Darunter auch Werke von Konstant\u00ednos Kav\u00e1fis und N\u00edkos G\u00e1tsos.&nbsp; Auch wenn sich die griechische Dichtkunst nicht jedem erschlie\u00dft, die dekorative Wirkung ist gelungen. Bei so einem kulturellen Anspruch erscheint mir der Souvenirladen in der Dorfmitte eher kitschig.<\/p>\n<div id=\"attachment_2640\" style=\"width: 2570px\" class=\"wp-caption alignleft\"><a href=\"https:\/\/home-katerphoto.de\/wp-content\/uploads\/2025\/08\/MAI_7569_cr-scaled.jpg\"><img loading=\"lazy\" decoding=\"async\" aria-describedby=\"caption-attachment-2640\" class=\"size-full wp-image-2640\" src=\"https:\/\/home-katerphoto.de\/wp-content\/uploads\/2025\/08\/MAI_7569_cr-scaled.jpg\" alt=\"\" width=\"2560\" height=\"1440\" srcset=\"https:\/\/home-katerphoto.de\/wp-content\/uploads\/2025\/08\/MAI_7569_cr-scaled.jpg 2560w, https:\/\/home-katerphoto.de\/wp-content\/uploads\/2025\/08\/MAI_7569_cr-480x270.jpg 480w, https:\/\/home-katerphoto.de\/wp-content\/uploads\/2025\/08\/MAI_7569_cr-1024x576.jpg 1024w, https:\/\/home-katerphoto.de\/wp-content\/uploads\/2025\/08\/MAI_7569_cr-160x90.jpg 160w, https:\/\/home-katerphoto.de\/wp-content\/uploads\/2025\/08\/MAI_7569_cr-1536x864.jpg 1536w, https:\/\/home-katerphoto.de\/wp-content\/uploads\/2025\/08\/MAI_7569_cr-2048x1152.jpg 2048w\" sizes=\"auto, (max-width: 2560px) 100vw, 2560px\" \/><\/a><p id=\"caption-attachment-2640\" class=\"wp-caption-text\">All rights: Lothar Hoppen<\/p><\/div>\n<p style=\"text-align: justify;\">Weiter hinten im Dorf gibt es ein Amphitheater. Get\u00f6pferte Tontafeln weisen den Weg. Pl\u00f6tzlich und unerwartet liegt es vor einem, wenn man die engen Gassen verlassen hat. Ich erfahre, dass es gut und gerne genutzt wird. Besonders die Jazz-Musikfestivals, die hier in den lauen Sommern\u00e4chten stattfinden, haben das kleine Dorf ber\u00fchmt gemacht. Die Plakate vorangegangener Jahre beweisen das internationale Niveau. Schlau ist auch, dass bei manchen Veranstaltungen ein kostenloser Bus-Transport zum Dorf und zur\u00fcck angeboten wird.<\/p>\n<div id=\"attachment_2650\" style=\"width: 2570px\" class=\"wp-caption alignleft\"><a href=\"https:\/\/home-katerphoto.de\/wp-content\/uploads\/2025\/08\/TIN_5772_cr_plus-scaled.jpg\"><img loading=\"lazy\" decoding=\"async\" aria-describedby=\"caption-attachment-2650\" class=\"size-full wp-image-2650\" src=\"https:\/\/home-katerphoto.de\/wp-content\/uploads\/2025\/08\/TIN_5772_cr_plus-scaled.jpg\" alt=\"\" width=\"2560\" height=\"1440\" srcset=\"https:\/\/home-katerphoto.de\/wp-content\/uploads\/2025\/08\/TIN_5772_cr_plus-scaled.jpg 2560w, https:\/\/home-katerphoto.de\/wp-content\/uploads\/2025\/08\/TIN_5772_cr_plus-480x270.jpg 480w, https:\/\/home-katerphoto.de\/wp-content\/uploads\/2025\/08\/TIN_5772_cr_plus-1024x576.jpg 1024w, https:\/\/home-katerphoto.de\/wp-content\/uploads\/2025\/08\/TIN_5772_cr_plus-160x90.jpg 160w, https:\/\/home-katerphoto.de\/wp-content\/uploads\/2025\/08\/TIN_5772_cr_plus-1536x864.jpg 1536w, https:\/\/home-katerphoto.de\/wp-content\/uploads\/2025\/08\/TIN_5772_cr_plus-2048x1152.jpg 2048w\" sizes=\"auto, (max-width: 2560px) 100vw, 2560px\" \/><\/a><p id=\"caption-attachment-2650\" class=\"wp-caption-text\">All rights: Lothar Hoppen<\/p><\/div>\n<p style=\"text-align: justify;\">Es gibt vieles, dass Volax anders, fr\u00fcher, oder besser gemacht hat als die anderen D\u00f6rfer auf Tinos. Der 1983 von Einheimischen gegr\u00fcndete Kulturverein \u201eDie Volax von Tinos\u201c sorgte f\u00fcr eine hervorragende Wasserversorgung, eine funktionierende Kanalisation und f\u00fcr neue Pflaster in den Gassen des Dorfes. Auch die Versch\u00f6nerung der alten H\u00e4user mit lyrischen Texten und Blumenbeeten ist eine Leistung des Kulturvereins. So wurde Volax zum Ma\u00dfstab f\u00fcr die attraktive Gestaltung der D\u00f6rfer auf Tinos. Die vielen kulturellen Aktivit\u00e4ten im Dorf werden auf der eigenen Webseite angek\u00fcndigt und kommentiert. Dort gibt es auch einen hervorragenden \u00dcberblick \u00fcber die Historie des Dorfes und \u00fcber seine Traditionen (www.volax.gr).<\/p>\n<div id=\"attachment_2683\" style=\"width: 2570px\" class=\"wp-caption alignleft\"><a href=\"https:\/\/home-katerphoto.de\/wp-content\/uploads\/2025\/08\/F17_5178_cr2-scaled.jpg\"><img loading=\"lazy\" decoding=\"async\" aria-describedby=\"caption-attachment-2683\" class=\"size-full wp-image-2683\" src=\"https:\/\/home-katerphoto.de\/wp-content\/uploads\/2025\/08\/F17_5178_cr2-scaled.jpg\" alt=\"\" width=\"2560\" height=\"1440\" srcset=\"https:\/\/home-katerphoto.de\/wp-content\/uploads\/2025\/08\/F17_5178_cr2-scaled.jpg 2560w, https:\/\/home-katerphoto.de\/wp-content\/uploads\/2025\/08\/F17_5178_cr2-480x270.jpg 480w, https:\/\/home-katerphoto.de\/wp-content\/uploads\/2025\/08\/F17_5178_cr2-1024x576.jpg 1024w, https:\/\/home-katerphoto.de\/wp-content\/uploads\/2025\/08\/F17_5178_cr2-160x90.jpg 160w, https:\/\/home-katerphoto.de\/wp-content\/uploads\/2025\/08\/F17_5178_cr2-1536x864.jpg 1536w, https:\/\/home-katerphoto.de\/wp-content\/uploads\/2025\/08\/F17_5178_cr2-2048x1152.jpg 2048w\" sizes=\"auto, (max-width: 2560px) 100vw, 2560px\" \/><\/a><p id=\"caption-attachment-2683\" class=\"wp-caption-text\">All rights: Lothar Hoppen<\/p><\/div>\n<p style=\"text-align: justify;\">Auch das Korbmacher Handwerk hat hier eine lange Tradition. Im vergangenen Jahrhundert war Volax das Zentrum der Korbflechter auf den Kykladen. Es belieferte nicht nur die umliegenden Inseln, auch die Bauern von Attika brauchten K\u00f6rbe f\u00fcr die Ernte. Nat\u00fcrlich machen billige Kunststoffprodukte diesem Handwerk das Leben zunehmend schwer. Doch auch heute noch wird geflochten in Volax.<\/p>\n<div id=\"attachment_2659\" style=\"width: 2570px\" class=\"wp-caption alignleft\"><a href=\"https:\/\/home-katerphoto.de\/wp-content\/uploads\/2025\/08\/TIN_6492_cr3-scaled.jpg\"><img loading=\"lazy\" decoding=\"async\" aria-describedby=\"caption-attachment-2659\" class=\"size-full wp-image-2659\" src=\"https:\/\/home-katerphoto.de\/wp-content\/uploads\/2025\/08\/TIN_6492_cr3-scaled.jpg\" alt=\"\" width=\"2560\" height=\"1440\" srcset=\"https:\/\/home-katerphoto.de\/wp-content\/uploads\/2025\/08\/TIN_6492_cr3-scaled.jpg 2560w, https:\/\/home-katerphoto.de\/wp-content\/uploads\/2025\/08\/TIN_6492_cr3-480x270.jpg 480w, https:\/\/home-katerphoto.de\/wp-content\/uploads\/2025\/08\/TIN_6492_cr3-1024x576.jpg 1024w, https:\/\/home-katerphoto.de\/wp-content\/uploads\/2025\/08\/TIN_6492_cr3-160x90.jpg 160w, https:\/\/home-katerphoto.de\/wp-content\/uploads\/2025\/08\/TIN_6492_cr3-1536x864.jpg 1536w, https:\/\/home-katerphoto.de\/wp-content\/uploads\/2025\/08\/TIN_6492_cr3-2048x1152.jpg 2048w\" sizes=\"auto, (max-width: 2560px) 100vw, 2560px\" \/><\/a><p id=\"caption-attachment-2659\" class=\"wp-caption-text\">All rights: Lothar Hoppen<\/p><\/div>\n<p style=\"text-align: justify;\">Man braucht nicht lange bis man die Werkstatt von Loudovikos Sigala findet. Eine Auswahl seiner Arbeiten dekoriert den Eingang. B\u00fcschel von Weidenzweigen stehen an der Wand. In dem Regal daneben sieht man die ganze Palette seiner Flechtkunst, sorgf\u00e4ltig arrangiert, zum Verkauf. Davor hat er seinen Arbeitsplatz. Ich frage ihn, ob ich ihm eine Weile zusehen darf. Sofort bittet er mich, dass ich mich doch erst einmal setzen soll. Und nat\u00fcrlich muss ich erst ein Gl\u00e4schen Tsipouro trinken. Es ist doch kalt drau\u00dfen, meint er.<\/p>\n<div id=\"attachment_2629\" style=\"width: 2570px\" class=\"wp-caption alignleft\"><a href=\"https:\/\/home-katerphoto.de\/wp-content\/uploads\/2025\/08\/F17_5197_cr2-scaled.jpg\"><img loading=\"lazy\" decoding=\"async\" aria-describedby=\"caption-attachment-2629\" class=\"size-full wp-image-2629\" src=\"https:\/\/home-katerphoto.de\/wp-content\/uploads\/2025\/08\/F17_5197_cr2-scaled.jpg\" alt=\"\" width=\"2560\" height=\"1440\" srcset=\"https:\/\/home-katerphoto.de\/wp-content\/uploads\/2025\/08\/F17_5197_cr2-scaled.jpg 2560w, https:\/\/home-katerphoto.de\/wp-content\/uploads\/2025\/08\/F17_5197_cr2-480x270.jpg 480w, https:\/\/home-katerphoto.de\/wp-content\/uploads\/2025\/08\/F17_5197_cr2-1024x576.jpg 1024w, https:\/\/home-katerphoto.de\/wp-content\/uploads\/2025\/08\/F17_5197_cr2-160x90.jpg 160w, https:\/\/home-katerphoto.de\/wp-content\/uploads\/2025\/08\/F17_5197_cr2-1536x864.jpg 1536w, https:\/\/home-katerphoto.de\/wp-content\/uploads\/2025\/08\/F17_5197_cr2-2048x1152.jpg 2048w\" sizes=\"auto, (max-width: 2560px) 100vw, 2560px\" \/><\/a><p id=\"caption-attachment-2629\" class=\"wp-caption-text\">All rights: Lothar Hoppen<\/p><\/div>\n<p style=\"text-align: justify;\">Dann entwickelt sich ein lockeres Gespr\u00e4ch, so als w\u00e4re ich der nette Nachbar von nebenan. Viele Werkzeuge braucht er offenbar nicht, aber es verlangt kr\u00e4ftige H\u00e4nde und viel Geschick, sagt Loudovikos. Als der sympathische Kerl mir die aufw\u00e4ndigen Vorarbeiten erkl\u00e4rte, da staunte ich nicht schlecht. Denn wie vor mehr als hundert Jahren richten sich die Arbeiten immer noch nach dem Mondkalender. Die Weidenzweige werden 2 Wochen nach dem Julivollmond geschnitten. Dann erfolgt die Weiterverarbeitung mit sch\u00e4len und trocknen. Nach der Lagerung werden sie nochmals gew\u00e4ssert, damit sie biegsam werden. Erst dann kann mit der eigentlichen Arbeit, dem Flechten, begonnen werden. Vier bis sechs Stunden braucht Loudovikos um einen Korb zu flechten. Das alles hat er schon von seinem Gro\u00dfvater gelernt. Das Handwerk verliert jedoch immer mehr an Beachtung, wei\u00df auch Loudovikos. Aber er wei\u00df nicht, ob er es nochmal an die n\u00e4chste Generation weitergeben kann. Nach meinem Gespr\u00e4ch m\u00f6chte ich mich irgendwie erkenntlich zeigen. Aber einen geflochtenen Korb kann ich nun wirklich nicht gebrauchen, und so kaufe ich ein gro\u00dfes Glas mit Kapern. Ungef\u00e4hr 50 Einwohner hat Volax, im Winter sicherlich noch weniger, da leben viele lieber in der Stadt. Vor einigen Jahren gab es noch vier Familien, die sich mit dem Korbflechten besch\u00e4ftigten. Es scheint so, das Loudovikos dieses Handwerk bald alleine aus\u00fcben wird.<\/p>\n<div id=\"attachment_2631\" style=\"width: 2570px\" class=\"wp-caption alignleft\"><a href=\"https:\/\/home-katerphoto.de\/wp-content\/uploads\/2025\/08\/F17_5398_cr2-scaled.jpg\"><img loading=\"lazy\" decoding=\"async\" aria-describedby=\"caption-attachment-2631\" class=\"size-full wp-image-2631\" src=\"https:\/\/home-katerphoto.de\/wp-content\/uploads\/2025\/08\/F17_5398_cr2-scaled.jpg\" alt=\"\" width=\"2560\" height=\"1440\" srcset=\"https:\/\/home-katerphoto.de\/wp-content\/uploads\/2025\/08\/F17_5398_cr2-scaled.jpg 2560w, https:\/\/home-katerphoto.de\/wp-content\/uploads\/2025\/08\/F17_5398_cr2-480x270.jpg 480w, https:\/\/home-katerphoto.de\/wp-content\/uploads\/2025\/08\/F17_5398_cr2-1024x576.jpg 1024w, https:\/\/home-katerphoto.de\/wp-content\/uploads\/2025\/08\/F17_5398_cr2-160x90.jpg 160w, https:\/\/home-katerphoto.de\/wp-content\/uploads\/2025\/08\/F17_5398_cr2-1536x864.jpg 1536w, https:\/\/home-katerphoto.de\/wp-content\/uploads\/2025\/08\/F17_5398_cr2-2048x1152.jpg 2048w\" sizes=\"auto, (max-width: 2560px) 100vw, 2560px\" \/><\/a><p id=\"caption-attachment-2631\" class=\"wp-caption-text\">All rights: Lothar Hoppen<\/p><\/div>\n<p style=\"text-align: justify;\">Die Gegend rund um Volax ist geologisch einzigartig \u2013 und zwar weltweit! \u00dcberall liegen diese runden Felsbrocken herum. Es sind Granitfelsen, deren runde Formen und die verstreute Verteilung in der Landschaft R\u00e4tsel aufgeben. Bis heute gibt es keine eindeutige Erkl\u00e4rung f\u00fcr ihr Vorkommen und die eigenartigen Formen. Wie sind sie entstanden und wo kommen sie her, diese Riesenmurmeln?<\/p>\n<div id=\"attachment_2685\" style=\"width: 2570px\" class=\"wp-caption alignleft\"><a href=\"https:\/\/home-katerphoto.de\/wp-content\/uploads\/2025\/08\/F17_5387_cr2-scaled.jpg\"><img loading=\"lazy\" decoding=\"async\" aria-describedby=\"caption-attachment-2685\" class=\"size-full wp-image-2685\" src=\"https:\/\/home-katerphoto.de\/wp-content\/uploads\/2025\/08\/F17_5387_cr2-scaled.jpg\" alt=\"\" width=\"2560\" height=\"1440\" srcset=\"https:\/\/home-katerphoto.de\/wp-content\/uploads\/2025\/08\/F17_5387_cr2-scaled.jpg 2560w, https:\/\/home-katerphoto.de\/wp-content\/uploads\/2025\/08\/F17_5387_cr2-480x270.jpg 480w, https:\/\/home-katerphoto.de\/wp-content\/uploads\/2025\/08\/F17_5387_cr2-1024x576.jpg 1024w, https:\/\/home-katerphoto.de\/wp-content\/uploads\/2025\/08\/F17_5387_cr2-160x90.jpg 160w, https:\/\/home-katerphoto.de\/wp-content\/uploads\/2025\/08\/F17_5387_cr2-1536x864.jpg 1536w, https:\/\/home-katerphoto.de\/wp-content\/uploads\/2025\/08\/F17_5387_cr2-2048x1152.jpg 2048w\" sizes=\"auto, (max-width: 2560px) 100vw, 2560px\" \/><\/a><p id=\"caption-attachment-2685\" class=\"wp-caption-text\">All rights: Lothar Hoppen<\/p><\/div>\n<p style=\"text-align: justify;\">Es gibt wundersch\u00f6ne Vermutungen oder Erkl\u00e4rungen. Ist es ein verlassenes Schlachtfeld, auf dem sich Titanen mit Felsen beworfen haben? \u00dcberreste einer Steinschlacht antiker G\u00f6tter? Oder einfach nur Kugeln, die aus einem naheliegenden Vulkan<\/p>\n<p><a href=\"https:\/\/home-katerphoto.de\/wp-content\/uploads\/2025\/08\/TIN_5816_cr_2Himmel-scaled.jpg\"><img loading=\"lazy\" decoding=\"async\" class=\"alignleft size-full wp-image-2651\" src=\"https:\/\/home-katerphoto.de\/wp-content\/uploads\/2025\/08\/TIN_5816_cr_2Himmel-scaled.jpg\" alt=\"\" width=\"2560\" height=\"1440\" srcset=\"https:\/\/home-katerphoto.de\/wp-content\/uploads\/2025\/08\/TIN_5816_cr_2Himmel-scaled.jpg 2560w, https:\/\/home-katerphoto.de\/wp-content\/uploads\/2025\/08\/TIN_5816_cr_2Himmel-480x270.jpg 480w, https:\/\/home-katerphoto.de\/wp-content\/uploads\/2025\/08\/TIN_5816_cr_2Himmel-1024x576.jpg 1024w, https:\/\/home-katerphoto.de\/wp-content\/uploads\/2025\/08\/TIN_5816_cr_2Himmel-160x90.jpg 160w, https:\/\/home-katerphoto.de\/wp-content\/uploads\/2025\/08\/TIN_5816_cr_2Himmel-1536x864.jpg 1536w, https:\/\/home-katerphoto.de\/wp-content\/uploads\/2025\/08\/TIN_5816_cr_2Himmel-2048x1152.jpg 2048w\" sizes=\"auto, (max-width: 2560px) 100vw, 2560px\" \/><\/a><\/p>\n<p style=\"text-align: justify;\">herausgerollt sind und jetzt so eine Art Mondlandschaft bilden? Theo Schlag schreibt in seinem Reisebericht in \u201etheopedia\u201c: \u201eWie versteinerte Eier von pr\u00e4historischen Riesen-Echsen liegen die unz\u00e4hligen, bis zu zehn Meter hohen Granitfelsen an den H\u00e4ngen. Man kommt sich vor, wie eine Stubenfliege in einem riesigen Osternest\u201c. Ja, die Formen sind beeindruckend und regen die Phantasie an.<\/p>\n<p><a href=\"https:\/\/home-katerphoto.de\/wp-content\/uploads\/2025\/08\/Tinos_3.jpg\"><img loading=\"lazy\" decoding=\"async\" class=\"alignleft size-full wp-image-2664\" src=\"https:\/\/home-katerphoto.de\/wp-content\/uploads\/2025\/08\/Tinos_3.jpg\" alt=\"\" width=\"1920\" height=\"1080\" srcset=\"https:\/\/home-katerphoto.de\/wp-content\/uploads\/2025\/08\/Tinos_3.jpg 1920w, https:\/\/home-katerphoto.de\/wp-content\/uploads\/2025\/08\/Tinos_3-480x270.jpg 480w, https:\/\/home-katerphoto.de\/wp-content\/uploads\/2025\/08\/Tinos_3-1024x576.jpg 1024w, https:\/\/home-katerphoto.de\/wp-content\/uploads\/2025\/08\/Tinos_3-160x90.jpg 160w, https:\/\/home-katerphoto.de\/wp-content\/uploads\/2025\/08\/Tinos_3-1536x864.jpg 1536w\" sizes=\"auto, (max-width: 1920px) 100vw, 1920px\" \/><\/a><\/p>\n<p style=\"text-align: justify;\">Mein 2-Tagesausflug geht zu Ende. Auf dem Weg zur\u00fcck nach Tinos-Stadt fahre ich vorbei an den wundersch\u00f6nen Taubenh\u00e4usern, die die Landschaft auf Tinos pr\u00e4gen.<\/p>\n<div id=\"attachment_2663\" style=\"width: 1930px\" class=\"wp-caption alignleft\"><a href=\"https:\/\/home-katerphoto.de\/wp-content\/uploads\/2025\/08\/Tinos_2.jpg\"><img loading=\"lazy\" decoding=\"async\" aria-describedby=\"caption-attachment-2663\" class=\"size-full wp-image-2663\" src=\"https:\/\/home-katerphoto.de\/wp-content\/uploads\/2025\/08\/Tinos_2.jpg\" alt=\"\" width=\"1920\" height=\"1081\" srcset=\"https:\/\/home-katerphoto.de\/wp-content\/uploads\/2025\/08\/Tinos_2.jpg 1920w, https:\/\/home-katerphoto.de\/wp-content\/uploads\/2025\/08\/Tinos_2-480x270.jpg 480w, https:\/\/home-katerphoto.de\/wp-content\/uploads\/2025\/08\/Tinos_2-1024x577.jpg 1024w, https:\/\/home-katerphoto.de\/wp-content\/uploads\/2025\/08\/Tinos_2-160x90.jpg 160w, https:\/\/home-katerphoto.de\/wp-content\/uploads\/2025\/08\/Tinos_2-1536x865.jpg 1536w\" sizes=\"auto, (max-width: 1920px) 100vw, 1920px\" \/><\/a><p id=\"caption-attachment-2663\" class=\"wp-caption-text\">All rights: Lothar Hoppen<\/p><\/div>\n<p style=\"text-align: justify;\">Einst von den Venezianern erbaut dienten sie zur Kommunikation in der gesamten \u00c4g\u00e4is. Denn damals wurde noch viel mit Hilfe der Brieftauben kommuniziert. Heute funktioniert Kommunikation anders, aber die Taubenh\u00e4user werden von den Menschen auf Tinos immer noch liebevoll gepflegt. Sie sind eine Attraktion, die einen eigenen Besuch und einen eigenen Bericht verdient.<\/p>\n","protected":false},"excerpt":{"rendered":"<p>Ich verbringe mehrere Monate im Jahr auf der Kykladen-Insel Syros. Im Fr\u00fchjahr reizt es mich Ausfl\u00fcge zu den Nachbarinseln zu unternehmen. Mit der &#8222;Blue Star&#8220; braucht man nur knapp 40 Minuten r\u00fcber zur Nachbarinsel Tinos. Und diesmal m\u00f6chte ich mir &hellip; <a href=\"https:\/\/foto-spuren.de\/?page_id=1736\">Weiterlesen <span class=\"meta-nav\">&rarr;<\/span><\/a><\/p>\n","protected":false},"author":1,"featured_media":3081,"parent":0,"menu_order":1,"comment_status":"closed","ping_status":"closed","template":"","meta":{"ngg_post_thumbnail":0,"footnotes":""},"class_list":["post-1736","page","type-page","status-publish","has-post-thumbnail","hentry"],"_links":{"self":[{"href":"https:\/\/foto-spuren.de\/index.php?rest_route=\/wp\/v2\/pages\/1736","targetHints":{"allow":["GET"]}}],"collection":[{"href":"https:\/\/foto-spuren.de\/index.php?rest_route=\/wp\/v2\/pages"}],"about":[{"href":"https:\/\/foto-spuren.de\/index.php?rest_route=\/wp\/v2\/types\/page"}],"author":[{"embeddable":true,"href":"https:\/\/foto-spuren.de\/index.php?rest_route=\/wp\/v2\/users\/1"}],"replies":[{"embeddable":true,"href":"https:\/\/foto-spuren.de\/index.php?rest_route=%2Fwp%2Fv2%2Fcomments&post=1736"}],"version-history":[{"count":26,"href":"https:\/\/foto-spuren.de\/index.php?rest_route=\/wp\/v2\/pages\/1736\/revisions"}],"predecessor-version":[{"id":3360,"href":"https:\/\/foto-spuren.de\/index.php?rest_route=\/wp\/v2\/pages\/1736\/revisions\/3360"}],"wp:featuredmedia":[{"embeddable":true,"href":"https:\/\/foto-spuren.de\/index.php?rest_route=\/wp\/v2\/media\/3081"}],"wp:attachment":[{"href":"https:\/\/foto-spuren.de\/index.php?rest_route=%2Fwp%2Fv2%2Fmedia&parent=1736"}],"curies":[{"name":"wp","href":"https:\/\/api.w.org\/{rel}","templated":true}]}}